{"id":1672,"date":"2022-10-14T08:30:14","date_gmt":"2022-10-14T06:30:14","guid":{"rendered":"https:\/\/eksjostadshotell.se\/evenemang\/"},"modified":"2023-09-01T12:59:04","modified_gmt":"2023-09-01T10:59:04","slug":"events","status":"publish","type":"page","link":"https:\/\/eksjostadshotell.se\/en\/events\/","title":{"rendered":"Events"},"content":{"rendered":"\n<h1 class=\"wp-block-heading has-text-align-center has-brun-color has-text-color\">Events in Eksj\u00f6<\/h1>\n\n\n\n<p class=\"has-text-align-center\">Here you will be able to read about Eksj\u00f6&#8217;s events!<\/p>\n\n\n\n<div style=\"height:40px\" aria-hidden=\"true\" class=\"wp-block-spacer\"><\/div>\n\n\n\n<div class=\"wp-block-columns is-layout-flex wp-container-core-columns-is-layout-9d6595d7 wp-block-columns-is-layout-flex\">\n<div class=\"wp-block-column is-vertically-aligned-center is-layout-flow wp-block-column-is-layout-flow\">\n<h2 class=\"wp-block-heading has-brun-color has-text-color\">Eksj\u00f6 Julmarknad<\/h2>\n\n\n\n<p>The country&#8217;s most atmospheric Christmas market traditionally takes place in the middle of the unique wooden town of Eksj\u00f6. Here you are transported to a market day 100 years ago<\/p>\n\n\n\n<p class=\"has-small-font-size\"><strong>Welcome to the Eksj\u00f6 Christmas market on 3\u20134 December 2022<\/strong><\/p>\n<\/div>\n\n\n\n<div class=\"wp-block-column is-layout-flow wp-block-column-is-layout-flow\">\n<figure class=\"wp-block-image size-large\"><img loading=\"lazy\" decoding=\"async\" width=\"979\" height=\"1024\" src=\"https:\/\/eksjostadshotell.se\/app\/uploads\/2022\/10\/eksjo-julmarknad-2_johan-lindqvist_web-979x1024.jpg\" alt=\"\" class=\"wp-image-1726\" srcset=\"https:\/\/eksjostadshotell.se\/app\/uploads\/2022\/10\/eksjo-julmarknad-2_johan-lindqvist_web-979x1024.jpg 979w, https:\/\/eksjostadshotell.se\/app\/uploads\/2022\/10\/eksjo-julmarknad-2_johan-lindqvist_web-287x300.jpg 287w, https:\/\/eksjostadshotell.se\/app\/uploads\/2022\/10\/eksjo-julmarknad-2_johan-lindqvist_web-768x803.jpg 768w, https:\/\/eksjostadshotell.se\/app\/uploads\/2022\/10\/eksjo-julmarknad-2_johan-lindqvist_web-1468x1536.jpg 1468w, https:\/\/eksjostadshotell.se\/app\/uploads\/2022\/10\/eksjo-julmarknad-2_johan-lindqvist_web-1958x2048.jpg 1958w, https:\/\/eksjostadshotell.se\/app\/uploads\/2022\/10\/eksjo-julmarknad-2_johan-lindqvist_web-324x339.jpg 324w\" sizes=\"auto, (max-width: 979px) 100vw, 979px\" \/><figcaption class=\"wp-element-caption\">Foto: Johan Lindqvist<\/figcaption><\/figure>\n<\/div>\n<\/div>\n\n\n\n<div class=\"wp-block-columns is-layout-flex wp-container-core-columns-is-layout-9d6595d7 wp-block-columns-is-layout-flex\">\n<div class=\"wp-block-column is-layout-flow wp-block-column-is-layout-flow\">\n<figure class=\"wp-block-image size-large\"><img loading=\"lazy\" decoding=\"async\" width=\"2560\" height=\"2554\" src=\"https:\/\/eksjostadshotell.se\/app\/uploads\/2022\/10\/ranneslattsloppet_2016_kallelundstedt_1-edited-1-scaled.jpg\" alt=\"\" class=\"wp-image-1765\" srcset=\"https:\/\/eksjostadshotell.se\/app\/uploads\/2022\/10\/ranneslattsloppet_2016_kallelundstedt_1-edited-1-scaled.jpg 2560w, https:\/\/eksjostadshotell.se\/app\/uploads\/2022\/10\/ranneslattsloppet_2016_kallelundstedt_1-edited-1-300x300.jpg 300w, https:\/\/eksjostadshotell.se\/app\/uploads\/2022\/10\/ranneslattsloppet_2016_kallelundstedt_1-edited-1-1024x1022.jpg 1024w, https:\/\/eksjostadshotell.se\/app\/uploads\/2022\/10\/ranneslattsloppet_2016_kallelundstedt_1-edited-1-150x150.jpg 150w, https:\/\/eksjostadshotell.se\/app\/uploads\/2022\/10\/ranneslattsloppet_2016_kallelundstedt_1-edited-1-768x766.jpg 768w, https:\/\/eksjostadshotell.se\/app\/uploads\/2022\/10\/ranneslattsloppet_2016_kallelundstedt_1-edited-1-1536x1533.jpg 1536w, https:\/\/eksjostadshotell.se\/app\/uploads\/2022\/10\/ranneslattsloppet_2016_kallelundstedt_1-edited-1-2048x2044.jpg 2048w, https:\/\/eksjostadshotell.se\/app\/uploads\/2022\/10\/ranneslattsloppet_2016_kallelundstedt_1-edited-1-324x323.jpg 324w, https:\/\/eksjostadshotell.se\/app\/uploads\/2022\/10\/ranneslattsloppet_2016_kallelundstedt_1-edited-1-240x240.jpg 240w, https:\/\/eksjostadshotell.se\/app\/uploads\/2022\/10\/ranneslattsloppet_2016_kallelundstedt_1-edited-1-460x460.jpg 460w, https:\/\/eksjostadshotell.se\/app\/uploads\/2022\/10\/ranneslattsloppet_2016_kallelundstedt_1-edited-1-360x360.jpg 360w\" sizes=\"auto, (max-width: 2560px) 100vw, 2560px\" \/><figcaption class=\"wp-element-caption\">Foto: Kalle Lundstedt<\/figcaption><\/figure>\n<\/div>\n\n\n\n<div class=\"wp-block-column is-vertically-aligned-center is-layout-flow wp-block-column-is-layout-flow\">\n<h2 class=\"wp-block-heading has-brun-color has-text-color\">R\u00e4nnesl\u00e4ttsloppet<\/h2>\n\n\n\n<p>The R\u00e4nnesl\u00e4ttsloppet is one of Sweden&#8217;s largest enduro competitions and is always run in the autumn and then at the Eksj\u00f6 garrison training field R\u00e4nnesl\u00e4tt.<\/p>\n<\/div>\n<\/div>\n\n\n\n<div class=\"wp-block-columns is-layout-flex wp-container-core-columns-is-layout-9d6595d7 wp-block-columns-is-layout-flex\">\n<div class=\"wp-block-column is-vertically-aligned-center is-layout-flow wp-block-column-is-layout-flow\">\n<h2 class=\"wp-block-heading has-brun-color has-text-color\">Sj\u00f6loppet\/ Swimrun<\/h2>\n\n\n\n<p>Swimrun in the nature of Sm\u00e5land with 25 sections in very varied terrain from the old town in Eksj\u00f6 through magical forest environments with passage in 9 different lakes.<\/p>\n\n\n\n<p class=\"has-text-align-center has-small-font-size\"><strong>Welcome to Swimrun in Eksj\u00f6, 2024-06-15.<\/strong><\/p>\n<\/div>\n\n\n\n<div class=\"wp-block-column is-layout-flow wp-block-column-is-layout-flow\">\n<figure class=\"wp-block-image size-large\"><img loading=\"lazy\" decoding=\"async\" width=\"2304\" height=\"2304\" src=\"https:\/\/eksjostadshotell.se\/app\/uploads\/2022\/10\/sjoloppetswimrun2-edited-1.jpg\" alt=\"\" class=\"wp-image-1766\" srcset=\"https:\/\/eksjostadshotell.se\/app\/uploads\/2022\/10\/sjoloppetswimrun2-edited-1.jpg 2304w, https:\/\/eksjostadshotell.se\/app\/uploads\/2022\/10\/sjoloppetswimrun2-edited-1-300x300.jpg 300w, https:\/\/eksjostadshotell.se\/app\/uploads\/2022\/10\/sjoloppetswimrun2-edited-1-1024x1024.jpg 1024w, https:\/\/eksjostadshotell.se\/app\/uploads\/2022\/10\/sjoloppetswimrun2-edited-1-150x150.jpg 150w, https:\/\/eksjostadshotell.se\/app\/uploads\/2022\/10\/sjoloppetswimrun2-edited-1-768x768.jpg 768w, https:\/\/eksjostadshotell.se\/app\/uploads\/2022\/10\/sjoloppetswimrun2-edited-1-1536x1536.jpg 1536w, https:\/\/eksjostadshotell.se\/app\/uploads\/2022\/10\/sjoloppetswimrun2-edited-1-2048x2048.jpg 2048w, https:\/\/eksjostadshotell.se\/app\/uploads\/2022\/10\/sjoloppetswimrun2-edited-1-324x324.jpg 324w, https:\/\/eksjostadshotell.se\/app\/uploads\/2022\/10\/sjoloppetswimrun2-edited-1-240x240.jpg 240w, https:\/\/eksjostadshotell.se\/app\/uploads\/2022\/10\/sjoloppetswimrun2-edited-1-460x460.jpg 460w, https:\/\/eksjostadshotell.se\/app\/uploads\/2022\/10\/sjoloppetswimrun2-edited-1-360x360.jpg 360w\" sizes=\"auto, (max-width: 2304px) 100vw, 2304px\" \/><figcaption class=\"wp-element-caption\">Foto: Privat<\/figcaption><\/figure>\n<\/div>\n<\/div>\n\n\n\n<div class=\"wp-block-columns is-layout-flex wp-container-core-columns-is-layout-9d6595d7 wp-block-columns-is-layout-flex\">\n<div class=\"wp-block-column is-layout-flow wp-block-column-is-layout-flow\">\n<figure class=\"wp-block-image size-large\"><img loading=\"lazy\" decoding=\"async\" width=\"2560\" height=\"2560\" src=\"https:\/\/eksjostadshotell.se\/app\/uploads\/2022\/10\/2022_tattoo_kvallsforestallning_054-edited-1-scaled.jpg\" alt=\"\" class=\"wp-image-1767\" srcset=\"https:\/\/eksjostadshotell.se\/app\/uploads\/2022\/10\/2022_tattoo_kvallsforestallning_054-edited-1-scaled.jpg 2560w, https:\/\/eksjostadshotell.se\/app\/uploads\/2022\/10\/2022_tattoo_kvallsforestallning_054-edited-1-300x300.jpg 300w, https:\/\/eksjostadshotell.se\/app\/uploads\/2022\/10\/2022_tattoo_kvallsforestallning_054-edited-1-1024x1024.jpg 1024w, https:\/\/eksjostadshotell.se\/app\/uploads\/2022\/10\/2022_tattoo_kvallsforestallning_054-edited-1-150x150.jpg 150w, https:\/\/eksjostadshotell.se\/app\/uploads\/2022\/10\/2022_tattoo_kvallsforestallning_054-edited-1-768x768.jpg 768w, https:\/\/eksjostadshotell.se\/app\/uploads\/2022\/10\/2022_tattoo_kvallsforestallning_054-edited-1-1536x1536.jpg 1536w, https:\/\/eksjostadshotell.se\/app\/uploads\/2022\/10\/2022_tattoo_kvallsforestallning_054-edited-1-2048x2048.jpg 2048w, https:\/\/eksjostadshotell.se\/app\/uploads\/2022\/10\/2022_tattoo_kvallsforestallning_054-edited-1-324x324.jpg 324w, https:\/\/eksjostadshotell.se\/app\/uploads\/2022\/10\/2022_tattoo_kvallsforestallning_054-edited-1-240x240.jpg 240w, https:\/\/eksjostadshotell.se\/app\/uploads\/2022\/10\/2022_tattoo_kvallsforestallning_054-edited-1-460x460.jpg 460w, https:\/\/eksjostadshotell.se\/app\/uploads\/2022\/10\/2022_tattoo_kvallsforestallning_054-edited-1-360x360.jpg 360w\" sizes=\"auto, (max-width: 2560px) 100vw, 2560px\" \/><figcaption class=\"wp-element-caption\">Foto: Jessica Johansson<\/figcaption><\/figure>\n<\/div>\n\n\n\n<div class=\"wp-block-column is-vertically-aligned-center is-layout-flow wp-block-column-is-layout-flow\">\n<h2 class=\"wp-block-heading has-brun-color has-text-color\">Eksj\u00f6 Tattoo<\/h2>\n\n\n\n<h4 class=\"wp-block-heading\">&#8220;International tones with military insignia&#8221;<\/h4>\n\n\n\n<p>This is how Eksj\u00f6 International Tattoo can be described purely musically. But the experience is bigger than that. A pompous, colorful and spectacular show in the heart of the wooden city of Eksj\u00f6. The special feature of Eksj\u00f6 International Tattoo is that it is located in the middle of the city with the arena surrounded by the houses dating back to the 16th century, the church, the city hotel and the proud equestrian statue as part of the scenery. This is an environment that inspires both action and audience.<\/p>\n\n\n\n<p class=\"has-text-align-center has-small-font-size\"><strong>The next tattoo is planned to take place in July 2024!<\/strong><\/p>\n<\/div>\n<\/div>\n\n\n\n<div class=\"wp-block-columns is-layout-flex wp-container-core-columns-is-layout-9d6595d7 wp-block-columns-is-layout-flex\">\n<div class=\"wp-block-column is-vertically-aligned-center is-layout-flow wp-block-column-is-layout-flow\">\n<p><\/p>\n<\/div>\n\n\n\n<div class=\"wp-block-column is-layout-flow wp-block-column-is-layout-flow\"><\/div>\n<\/div>\n","protected":false},"excerpt":{"rendered":"<p>Events in Eksj\u00f6 Here you will be able to read about Eksj\u00f6&#8217;s events! Eksj\u00f6 Julmarknad The country&#8217;s most atmospheric Christmas market traditionally takes place in the middle of the unique wooden town of Eksj\u00f6. Here you are transported to a market day 100 years ago Welcome to the Eksj\u00f6 Christmas market on 3\u20134 December 2022 [&hellip;]<\/p>\n","protected":false},"author":1,"featured_media":0,"parent":0,"menu_order":0,"comment_status":"closed","ping_status":"closed","template":"","meta":{"_acf_changed":false,"inline_featured_image":false,"footnotes":""},"class_list":["post-1672","page","type-page","status-publish","hentry"],"acf":[],"yoast_head":"<!-- This site is optimized with the Yoast SEO plugin v27.4 - https:\/\/yoast.com\/product\/yoast-seo-wordpress\/ -->\n<title>Events - Eksj\u00f6stadshotell<\/title>\n<meta name=\"robots\" content=\"index, follow, max-snippet:-1, max-image-preview:large, max-video-preview:-1\" \/>\n<link rel=\"canonical\" href=\"https:\/\/eksjostadshotell.se\/en\/events\/\" \/>\n<meta property=\"og:locale\" content=\"en_US\" \/>\n<meta property=\"og:type\" content=\"article\" \/>\n<meta property=\"og:title\" content=\"Events - Eksj\u00f6stadshotell\" \/>\n<meta property=\"og:description\" content=\"Events in Eksj\u00f6 Here you will be able to read about Eksj\u00f6&#8217;s events! Eksj\u00f6 Julmarknad The country&#8217;s most atmospheric Christmas market traditionally takes place in the middle of the unique wooden town of Eksj\u00f6. Here you are transported to a market day 100 years ago Welcome to the Eksj\u00f6 Christmas market on 3\u20134 December 2022 [&hellip;]\" \/>\n<meta property=\"og:url\" content=\"https:\/\/eksjostadshotell.se\/en\/events\/\" \/>\n<meta property=\"og:site_name\" content=\"Eksj\u00f6stadshotell\" \/>\n<meta property=\"article:modified_time\" content=\"2023-09-01T10:59:04+00:00\" \/>\n<meta property=\"og:image\" content=\"https:\/\/eksjostadshotell.se\/app\/uploads\/2022\/10\/eksjo-julmarknad-2_johan-lindqvist_web-979x1024.jpg\" \/>\n<meta name=\"twitter:card\" content=\"summary_large_image\" \/>\n<meta name=\"twitter:label1\" content=\"Est. reading time\" \/>\n\t<meta name=\"twitter:data1\" content=\"2 minutes\" \/>\n<script type=\"application\/ld+json\" class=\"yoast-schema-graph\">{\"@context\":\"https:\\\/\\\/schema.org\",\"@graph\":[{\"@type\":\"WebPage\",\"@id\":\"https:\\\/\\\/eksjostadshotell.se\\\/en\\\/events\\\/\",\"url\":\"https:\\\/\\\/eksjostadshotell.se\\\/en\\\/events\\\/\",\"name\":\"Events - Eksj\u00f6stadshotell\",\"isPartOf\":{\"@id\":\"https:\\\/\\\/eksjostadshotell.se\\\/en\\\/#website\"},\"primaryImageOfPage\":{\"@id\":\"https:\\\/\\\/eksjostadshotell.se\\\/en\\\/events\\\/#primaryimage\"},\"image\":{\"@id\":\"https:\\\/\\\/eksjostadshotell.se\\\/en\\\/events\\\/#primaryimage\"},\"thumbnailUrl\":\"https:\\\/\\\/eksjostadshotell.se\\\/app\\\/uploads\\\/2022\\\/10\\\/eksjo-julmarknad-2_johan-lindqvist_web-979x1024.jpg\",\"datePublished\":\"2022-10-14T06:30:14+00:00\",\"dateModified\":\"2023-09-01T10:59:04+00:00\",\"breadcrumb\":{\"@id\":\"https:\\\/\\\/eksjostadshotell.se\\\/en\\\/events\\\/#breadcrumb\"},\"inLanguage\":\"en-US\",\"potentialAction\":[{\"@type\":\"ReadAction\",\"target\":[\"https:\\\/\\\/eksjostadshotell.se\\\/en\\\/events\\\/\"]}]},{\"@type\":\"ImageObject\",\"inLanguage\":\"en-US\",\"@id\":\"https:\\\/\\\/eksjostadshotell.se\\\/en\\\/events\\\/#primaryimage\",\"url\":\"https:\\\/\\\/eksjostadshotell.se\\\/app\\\/uploads\\\/2022\\\/10\\\/eksjo-julmarknad-2_johan-lindqvist_web-979x1024.jpg\",\"contentUrl\":\"https:\\\/\\\/eksjostadshotell.se\\\/app\\\/uploads\\\/2022\\\/10\\\/eksjo-julmarknad-2_johan-lindqvist_web-979x1024.jpg\"},{\"@type\":\"BreadcrumbList\",\"@id\":\"https:\\\/\\\/eksjostadshotell.se\\\/en\\\/events\\\/#breadcrumb\",\"itemListElement\":[{\"@type\":\"ListItem\",\"position\":1,\"name\":\"Home\",\"item\":\"https:\\\/\\\/eksjostadshotell.se\\\/en\\\/\"},{\"@type\":\"ListItem\",\"position\":2,\"name\":\"Events\"}]},{\"@type\":\"WebSite\",\"@id\":\"https:\\\/\\\/eksjostadshotell.se\\\/en\\\/#website\",\"url\":\"https:\\\/\\\/eksjostadshotell.se\\\/en\\\/\",\"name\":\"Eksj\u00f6stadshotell\",\"description\":\"Anrikt boende i Eksj\u00f6s hj\u00e4rta\",\"potentialAction\":[{\"@type\":\"SearchAction\",\"target\":{\"@type\":\"EntryPoint\",\"urlTemplate\":\"https:\\\/\\\/eksjostadshotell.se\\\/en\\\/?s={search_term_string}\"},\"query-input\":{\"@type\":\"PropertyValueSpecification\",\"valueRequired\":true,\"valueName\":\"search_term_string\"}}],\"inLanguage\":\"en-US\"}]}<\/script>\n<!-- \/ Yoast SEO plugin. -->","yoast_head_json":{"title":"Events - Eksj\u00f6stadshotell","robots":{"index":"index","follow":"follow","max-snippet":"max-snippet:-1","max-image-preview":"max-image-preview:large","max-video-preview":"max-video-preview:-1"},"canonical":"https:\/\/eksjostadshotell.se\/en\/events\/","og_locale":"en_US","og_type":"article","og_title":"Events - Eksj\u00f6stadshotell","og_description":"Events in Eksj\u00f6 Here you will be able to read about Eksj\u00f6&#8217;s events! Eksj\u00f6 Julmarknad The country&#8217;s most atmospheric Christmas market traditionally takes place in the middle of the unique wooden town of Eksj\u00f6. Here you are transported to a market day 100 years ago Welcome to the Eksj\u00f6 Christmas market on 3\u20134 December 2022 [&hellip;]","og_url":"https:\/\/eksjostadshotell.se\/en\/events\/","og_site_name":"Eksj\u00f6stadshotell","article_modified_time":"2023-09-01T10:59:04+00:00","og_image":[{"url":"https:\/\/eksjostadshotell.se\/app\/uploads\/2022\/10\/eksjo-julmarknad-2_johan-lindqvist_web-979x1024.jpg","type":"","width":"","height":""}],"twitter_card":"summary_large_image","twitter_misc":{"Est. reading time":"2 minutes"},"schema":{"@context":"https:\/\/schema.org","@graph":[{"@type":"WebPage","@id":"https:\/\/eksjostadshotell.se\/en\/events\/","url":"https:\/\/eksjostadshotell.se\/en\/events\/","name":"Events - Eksj\u00f6stadshotell","isPartOf":{"@id":"https:\/\/eksjostadshotell.se\/en\/#website"},"primaryImageOfPage":{"@id":"https:\/\/eksjostadshotell.se\/en\/events\/#primaryimage"},"image":{"@id":"https:\/\/eksjostadshotell.se\/en\/events\/#primaryimage"},"thumbnailUrl":"https:\/\/eksjostadshotell.se\/app\/uploads\/2022\/10\/eksjo-julmarknad-2_johan-lindqvist_web-979x1024.jpg","datePublished":"2022-10-14T06:30:14+00:00","dateModified":"2023-09-01T10:59:04+00:00","breadcrumb":{"@id":"https:\/\/eksjostadshotell.se\/en\/events\/#breadcrumb"},"inLanguage":"en-US","potentialAction":[{"@type":"ReadAction","target":["https:\/\/eksjostadshotell.se\/en\/events\/"]}]},{"@type":"ImageObject","inLanguage":"en-US","@id":"https:\/\/eksjostadshotell.se\/en\/events\/#primaryimage","url":"https:\/\/eksjostadshotell.se\/app\/uploads\/2022\/10\/eksjo-julmarknad-2_johan-lindqvist_web-979x1024.jpg","contentUrl":"https:\/\/eksjostadshotell.se\/app\/uploads\/2022\/10\/eksjo-julmarknad-2_johan-lindqvist_web-979x1024.jpg"},{"@type":"BreadcrumbList","@id":"https:\/\/eksjostadshotell.se\/en\/events\/#breadcrumb","itemListElement":[{"@type":"ListItem","position":1,"name":"Home","item":"https:\/\/eksjostadshotell.se\/en\/"},{"@type":"ListItem","position":2,"name":"Events"}]},{"@type":"WebSite","@id":"https:\/\/eksjostadshotell.se\/en\/#website","url":"https:\/\/eksjostadshotell.se\/en\/","name":"Eksj\u00f6stadshotell","description":"Anrikt boende i Eksj\u00f6s hj\u00e4rta","potentialAction":[{"@type":"SearchAction","target":{"@type":"EntryPoint","urlTemplate":"https:\/\/eksjostadshotell.se\/en\/?s={search_term_string}"},"query-input":{"@type":"PropertyValueSpecification","valueRequired":true,"valueName":"search_term_string"}}],"inLanguage":"en-US"}]}},"_links":{"self":[{"href":"https:\/\/eksjostadshotell.se\/en\/wp-json\/wp\/v2\/pages\/1672","targetHints":{"allow":["GET"]}}],"collection":[{"href":"https:\/\/eksjostadshotell.se\/en\/wp-json\/wp\/v2\/pages"}],"about":[{"href":"https:\/\/eksjostadshotell.se\/en\/wp-json\/wp\/v2\/types\/page"}],"author":[{"embeddable":true,"href":"https:\/\/eksjostadshotell.se\/en\/wp-json\/wp\/v2\/users\/1"}],"replies":[{"embeddable":true,"href":"https:\/\/eksjostadshotell.se\/en\/wp-json\/wp\/v2\/comments?post=1672"}],"version-history":[{"count":5,"href":"https:\/\/eksjostadshotell.se\/en\/wp-json\/wp\/v2\/pages\/1672\/revisions"}],"predecessor-version":[{"id":2684,"href":"https:\/\/eksjostadshotell.se\/en\/wp-json\/wp\/v2\/pages\/1672\/revisions\/2684"}],"wp:attachment":[{"href":"https:\/\/eksjostadshotell.se\/en\/wp-json\/wp\/v2\/media?parent=1672"}],"curies":[{"name":"wp","href":"https:\/\/api.w.org\/{rel}","templated":true}]}}